{"id":11109,"date":"2018-03-21T11:39:26","date_gmt":"2018-03-21T10:39:26","guid":{"rendered":"https:\/\/www.onlineprinters.at\/magazin\/?page_id=11109"},"modified":"2025-03-05T09:24:59","modified_gmt":"2025-03-05T08:24:59","slug":"indesign-vejledninger","status":"publish","type":"page","link":"https:\/\/www.onlineprinters.dk\/blog\/indesign-vejledninger\/","title":{"rendered":"InDesign-vejledninger"},"content":{"rendered":"<div id=\"tdi_1\" class=\"tdc-row\"><div class=\"vc_row tdi_2  wpb_row td-pb-row\" >\n<style scoped>\n\n\/* custom css *\/\n.tdi_2,\r\n                .tdi_2 .tdc-columns{\r\n                    min-height: 0;\r\n                }.tdi_2,\r\n\t\t\t\t.tdi_2 .tdc-columns{\r\n\t\t\t\t    display: block;\r\n\t\t\t\t}.tdi_2 .tdc-columns{\r\n\t\t\t\t    width: 100%;\r\n\t\t\t\t}\n<\/style><div class=\"vc_column tdi_4  wpb_column vc_column_container tdc-column td-pb-span12\">\n<style scoped>\n\n\/* custom css *\/\n.tdi_4{\r\n                    vertical-align: baseline;\r\n                }.tdi_4 > .wpb_wrapper,\r\n\t\t\t\t.tdi_4 > .wpb_wrapper > .tdc-elements{\r\n\t\t\t\t    display: block;\r\n\t\t\t\t}.tdi_4 > .wpb_wrapper > .tdc-elements{\r\n\t\t\t\t    width: 100%;\r\n\t\t\t\t}.tdi_4 > .wpb_wrapper > .vc_row_inner{\r\n\t\t\t\t    width: auto;\r\n\t\t\t\t}.tdi_4 > .wpb_wrapper{\r\n\t\t\t\t    width: auto;\r\n\t\t\t\t    height: auto;\r\n\t\t\t\t}\n<\/style><div class=\"wpb_wrapper\">[vc_single_image image=&#8221;13778&#8243; img_size=&#8221;full&#8221;][vc_custom_heading text=&#8221;InDesign-vejledninger&#8221; font_container=&#8221;tag:h1|text_align:center&#8221; use_theme_fonts=&#8221;yes&#8221; el_class=&#8221;uppercase_spacing&#8221;]<div class=\"td_block_wrap td_block_text_with_title tdi_5 tagdiv-type td-pb-border-top text_padding_10 td_block_template_1\"  data-td-block-uid=\"tdi_5\" >\n<style>\n\/* custom css *\/\n.td_block_text_with_title{\r\n                  margin-bottom: 44px;\r\n                  -webkit-transform: translateZ(0);\r\n                  transform: translateZ(0);\r\n                }.td_block_text_with_title p:last-child{\r\n                  margin-bottom: 0;\r\n                }\n<\/style><div class=\"td-block-title-wrap\"><\/div><div class=\"td_mod_wrap td-fix-index\"><p><em>Det startede som et simpelt layoutprogram. I mellemtiden indeholder InDesign et hav af v\u00e6rkt\u00f8jer, som kan meget mere end designe b\u00f8ger, magasiner og dokumenter. Uanset om oprettelse af en e-bog, script-automatisering eller liquid layouts, selv gamle InDesign-rotter m\u00f8der til stadighed nye og n\u00e6sten ukendte funktioner. Vores InDesign-vejledninger viser nybegyndere nogle grundlag, men har ogs\u00e5 nogle tricks til avancerede brugere.<\/em><\/p>\n<\/div><\/div><\/div><\/div><\/div><\/div><div id=\"tdi_6\" class=\"tdc-row\"><div class=\"vc_row tdi_7  wpb_row td-pb-row\" >\n<style scoped>\n\n\/* custom css *\/\n.tdi_7,\r\n                .tdi_7 .tdc-columns{\r\n                    min-height: 0;\r\n                }.tdi_7,\r\n\t\t\t\t.tdi_7 .tdc-columns{\r\n\t\t\t\t    display: block;\r\n\t\t\t\t}.tdi_7 .tdc-columns{\r\n\t\t\t\t    width: 100%;\r\n\t\t\t\t}\n<\/style><div class=\"vc_column tdi_9  wpb_column vc_column_container tdc-column td-pb-span8\">\n<style scoped>\n\n\/* custom css *\/\n.tdi_9{\r\n                    vertical-align: baseline;\r\n                }.tdi_9 > .wpb_wrapper,\r\n\t\t\t\t.tdi_9 > .wpb_wrapper > .tdc-elements{\r\n\t\t\t\t    display: block;\r\n\t\t\t\t}.tdi_9 > .wpb_wrapper > .tdc-elements{\r\n\t\t\t\t    width: 100%;\r\n\t\t\t\t}.tdi_9 > .wpb_wrapper > .vc_row_inner{\r\n\t\t\t\t    width: auto;\r\n\t\t\t\t}.tdi_9 > .wpb_wrapper{\r\n\t\t\t\t    width: auto;\r\n\t\t\t\t    height: auto;\r\n\t\t\t\t}\n<\/style><div class=\"wpb_wrapper\"><div class=\"td_block_wrap td_block_text_with_title vc_custom_1543563569153 tdi_10 tagdiv-type td-pb-border-top td_block_template_1\"  data-td-block-uid=\"tdi_10\" ><div class=\"td-block-title-wrap\"><\/div><div class=\"td_mod_wrap td-fix-index\"><h2>M\u00e5nedens vejledning<\/h2>\n<\/div><\/div><div class=\"td_block_wrap td_block_text_with_title vc_custom_1543839795496 tdi_11 tagdiv-type td-pb-border-top td_block_template_1\"  data-td-block-uid=\"tdi_11\" ><div class=\"td-block-title-wrap\"><\/div><div class=\"td_mod_wrap td-fix-index\"><p><a href=\"https:\/\/www.onlineprinters.dk\/blog\/femte-farve-indesign\/\"><img loading=\"lazy\" decoding=\"async\" class=\"alignnone wp-image-10759 size-large\" src=\"https:\/\/www.onlineprinters.fr\/blog\/wp-content\/uploads\/2018\/07\/2-5eme-couleur_fotostudio-1024x576.jpg\" alt=\"\u00ab Fotostudio Lichtblitz \u00bb\" width=\"696\" height=\"392\" \/><\/a><\/p>\n<\/div><\/div><div class=\"td_block_wrap td_block_text_with_title tdi_12 tagdiv-type td-pb-border-top td_block_template_1\"  data-td-block-uid=\"tdi_12\" ><div class=\"td-block-title-wrap\"><\/div><div class=\"td_mod_wrap td-fix-index\"><p style=\"text-align: center;\"><strong><a href=\"https:\/\/www.onlineprinters.dk\/blog\/femte-farve-indesign\/\">L\u00e6s mere<\/a><\/strong><\/p>\n<p>Vores m\u00e5nedens favorit kan v\u00e6re en begyndervejledning, som viser Adobe-nybegyndere eller ogs\u00e5 viderekomne nogle bestemte workflows om grundlag i InDesign, men kan ogs\u00e5 dykke dybere ned i emnet og f.eks. levere tips om <strong>design eller justering af tryklayouts<\/strong>.<\/p>\n<\/div><\/div><div class=\"td_block_wrap td_block_12 tdi_13 td-pb-border-top td_block_template_1 td-column-2\"  data-td-block-uid=\"tdi_13\" ><script>var block_tdi_13 = new tdBlock();\nblock_tdi_13.id = \"tdi_13\";\nblock_tdi_13.atts = '{\"custom_title\":\"Mest l\\u00e6ste\",\"category_id\":\"4\",\"block_type\":\"td_block_12\",\"separator\":\"\",\"custom_url\":\"\",\"block_template_id\":\"\",\"m11_tl\":\"\",\"m11_el\":\"\",\"post_ids\":\"\",\"category_ids\":\"\",\"tag_slug\":\"\",\"autors_id\":\"\",\"installed_post_types\":\"\",\"sort\":\"\",\"limit\":\"5\",\"offset\":\"\",\"show_modified_date\":\"\",\"time_ago\":\"\",\"time_ago_add_txt\":\"ago\",\"time_ago_txt_pos\":\"\",\"el_class\":\"\",\"td_ajax_filter_type\":\"\",\"td_ajax_filter_ids\":\"\",\"td_filter_default_txt\":\"All\",\"td_ajax_preloading\":\"\",\"f_header_font_header\":\"\",\"f_header_font_title\":\"Block header\",\"f_header_font_settings\":\"\",\"f_header_font_family\":\"\",\"f_header_font_size\":\"\",\"f_header_font_line_height\":\"\",\"f_header_font_style\":\"\",\"f_header_font_weight\":\"\",\"f_header_font_transform\":\"\",\"f_header_font_spacing\":\"\",\"f_header_\":\"\",\"f_ajax_font_title\":\"Ajax categories\",\"f_ajax_font_settings\":\"\",\"f_ajax_font_family\":\"\",\"f_ajax_font_size\":\"\",\"f_ajax_font_line_height\":\"\",\"f_ajax_font_style\":\"\",\"f_ajax_font_weight\":\"\",\"f_ajax_font_transform\":\"\",\"f_ajax_font_spacing\":\"\",\"f_ajax_\":\"\",\"f_more_font_title\":\"Load more button\",\"f_more_font_settings\":\"\",\"f_more_font_family\":\"\",\"f_more_font_size\":\"\",\"f_more_font_line_height\":\"\",\"f_more_font_style\":\"\",\"f_more_font_weight\":\"\",\"f_more_font_transform\":\"\",\"f_more_font_spacing\":\"\",\"f_more_\":\"\",\"m11f_title_font_header\":\"\",\"m11f_title_font_title\":\"Article title\",\"m11f_title_font_settings\":\"\",\"m11f_title_font_family\":\"\",\"m11f_title_font_size\":\"\",\"m11f_title_font_line_height\":\"\",\"m11f_title_font_style\":\"\",\"m11f_title_font_weight\":\"\",\"m11f_title_font_transform\":\"\",\"m11f_title_font_spacing\":\"\",\"m11f_title_\":\"\",\"m11f_cat_font_title\":\"Article category tag\",\"m11f_cat_font_settings\":\"\",\"m11f_cat_font_family\":\"\",\"m11f_cat_font_size\":\"\",\"m11f_cat_font_line_height\":\"\",\"m11f_cat_font_style\":\"\",\"m11f_cat_font_weight\":\"\",\"m11f_cat_font_transform\":\"\",\"m11f_cat_font_spacing\":\"\",\"m11f_cat_\":\"\",\"m11f_meta_font_title\":\"Article meta info\",\"m11f_meta_font_settings\":\"\",\"m11f_meta_font_family\":\"\",\"m11f_meta_font_size\":\"\",\"m11f_meta_font_line_height\":\"\",\"m11f_meta_font_style\":\"\",\"m11f_meta_font_weight\":\"\",\"m11f_meta_font_transform\":\"\",\"m11f_meta_font_spacing\":\"\",\"m11f_meta_\":\"\",\"m11f_ex_font_title\":\"Article excerpt\",\"m11f_ex_font_settings\":\"\",\"m11f_ex_font_family\":\"\",\"m11f_ex_font_size\":\"\",\"m11f_ex_font_line_height\":\"\",\"m11f_ex_font_style\":\"\",\"m11f_ex_font_weight\":\"\",\"m11f_ex_font_transform\":\"\",\"m11f_ex_font_spacing\":\"\",\"m11f_ex_\":\"\",\"m11f_btn_font_title\":\"Article read more button\",\"m11f_btn_font_settings\":\"\",\"m11f_btn_font_family\":\"\",\"m11f_btn_font_size\":\"\",\"m11f_btn_font_line_height\":\"\",\"m11f_btn_font_style\":\"\",\"m11f_btn_font_weight\":\"\",\"m11f_btn_font_transform\":\"\",\"m11f_btn_font_spacing\":\"\",\"m11f_btn_\":\"\",\"ajax_pagination\":\"\",\"ajax_pagination_infinite_stop\":\"\",\"css\":\"\",\"tdc_css\":\"\",\"td_column_number\":2,\"header_color\":\"\",\"color_preset\":\"\",\"border_top\":\"\",\"class\":\"tdi_13\",\"tdc_css_class\":\"tdi_13\",\"tdc_css_class_style\":\"tdi_13_rand_style\"}';\nblock_tdi_13.td_column_number = \"2\";\nblock_tdi_13.block_type = \"td_block_12\";\nblock_tdi_13.post_count = \"5\";\nblock_tdi_13.found_posts = \"10\";\nblock_tdi_13.header_color = \"\";\nblock_tdi_13.ajax_pagination_infinite_stop = \"\";\nblock_tdi_13.max_num_pages = \"2\";\ntdBlocksArray.push(block_tdi_13);\n<\/script><div class=\"td-block-title-wrap\"><h2 class=\"block-title td-block-title\"><span class=\"td-pulldown-size\">Mest l\u00e6ste<\/span><\/h2><\/div><div id=tdi_13 class=\"td_block_inner\">\n\n\t<div class=\"td-block-span12\">\n\r\n        <div class=\"td_module_11 td_module_wrap td-animation-stack td-meta-info-hide\">\r\n                        <div class=\"td-module-thumb\"><a href=\"https:\/\/www.onlineprinters.dk\/blog\/punkttegn\/\" rel=\"bookmark\" class=\"td-image-wrap\" title=\"Inds\u00e6t punkttegn i InDesign \u2013 Basics-vejledning\"><img loading=\"lazy\" decoding=\"async\" width=\"324\" height=\"235\" class=\"entry-thumb\" src=\"https:\/\/www.onlineprinters.dk\/blog\/wp-content\/uploads\/2020\/03\/Cover-324x235.jpg\" alt=\"\" title=\"Inds\u00e6t punkttegn i InDesign \u2013 Basics-vejledning\"\/><\/a><\/div>            \r\n            <div class=\"item-details\">\r\n                <h3 class=\"entry-title td-module-title\"><a href=\"https:\/\/www.onlineprinters.dk\/blog\/punkttegn\/\" rel=\"bookmark\" title=\"Inds\u00e6t punkttegn i InDesign \u2013 Basics-vejledning\">Inds\u00e6t punkttegn i InDesign<\/a><\/h3>\r\n                <div class=\"td-module-meta-info\">\r\n                                                                                                <\/div>\r\n\r\n                <div class=\"td-excerpt\">\r\n                    Punkttegn kan i InDesign inds\u00e6ttes med kun \u00e9t klik. Dog findes der nogle indstillingsmuligheder, som f\u00e5r dit layout til at virke helt anderledes.                <\/div>\r\n\r\n                <div class=\"td-read-more\">\r\n                    <a href=\"https:\/\/www.onlineprinters.dk\/blog\/punkttegn\/\">L\u00e6s mere<\/a>\r\n                <\/div>\r\n            <\/div>\r\n\r\n        <\/div>\r\n\r\n        \n\t<\/div> <!-- .\/td-block-span12 -->\n\n\t<div class=\"td-block-span12\">\n\r\n        <div class=\"td_module_11 td_module_wrap td-animation-stack td-meta-info-hide\">\r\n                        <div class=\"td-module-thumb\"><a href=\"https:\/\/www.onlineprinters.dk\/blog\/baseline-grid-indesign\/\" rel=\"bookmark\" class=\"td-image-wrap\" title=\"Opret grundlinjenet i InDesign \u2013 Basics-vejledning\"><img loading=\"lazy\" decoding=\"async\" width=\"324\" height=\"235\" class=\"entry-thumb\" src=\"https:\/\/www.onlineprinters.dk\/blog\/wp-content\/uploads\/2019\/12\/Pic_1-324x235.jpg\" alt=\"\" title=\"Opret grundlinjenet i InDesign \u2013 Basics-vejledning\"\/><\/a><\/div>            \r\n            <div class=\"item-details\">\r\n                <h3 class=\"entry-title td-module-title\"><a href=\"https:\/\/www.onlineprinters.dk\/blog\/baseline-grid-indesign\/\" rel=\"bookmark\" title=\"Opret grundlinjenet i InDesign \u2013 Basics-vejledning\">Opret grundlinjenet i InDesign<\/a><\/h3>\r\n                <div class=\"td-module-meta-info\">\r\n                                                                                                <\/div>\r\n\r\n                <div class=\"td-excerpt\">\r\n                    Et grundlinjenet er uundg\u00e5eligt, s\u00e5 flersidede projekter som f.eks. magasiner bliver overskuelige og l\u00e6selige. S\u00e5dan justerer du det optimalt i InDesign.                <\/div>\r\n\r\n                <div class=\"td-read-more\">\r\n                    <a href=\"https:\/\/www.onlineprinters.dk\/blog\/baseline-grid-indesign\/\">L\u00e6s mere<\/a>\r\n                <\/div>\r\n            <\/div>\r\n\r\n        <\/div>\r\n\r\n        \n\t<\/div> <!-- .\/td-block-span12 -->\n\n\t<div class=\"td-block-span12\">\n\r\n        <div class=\"td_module_11 td_module_wrap td-animation-stack td-meta-info-hide\">\r\n                        <div class=\"td-module-thumb\"><a href=\"https:\/\/www.onlineprinters.dk\/blog\/icc-profile\/\" rel=\"bookmark\" class=\"td-image-wrap\" title=\"Derfor b\u00f8r du bruge farveprofiler \u2013 og s\u00e5dan installerer du dem korrekt\"><img loading=\"lazy\" decoding=\"async\" width=\"324\" height=\"235\" class=\"entry-thumb\" src=\"https:\/\/www.onlineprinters.dk\/blog\/wp-content\/uploads\/2019\/12\/Template-Titelbild-Farbprofile-installieren-324x235.jpg\" alt=\"\" title=\"Derfor b\u00f8r du bruge farveprofiler \u2013 og s\u00e5dan installerer du dem korrekt\"\/><\/a><\/div>            \r\n            <div class=\"item-details\">\r\n                <h3 class=\"entry-title td-module-title\"><a href=\"https:\/\/www.onlineprinters.dk\/blog\/icc-profile\/\" rel=\"bookmark\" title=\"Derfor b\u00f8r du bruge farveprofiler \u2013 og s\u00e5dan installerer du dem korrekt\">Derfor b\u00f8r du bruge icc profile, og s\u00e5dan fungerer det<\/a><\/h3>\r\n                <div class=\"td-module-meta-info\">\r\n                                                                                                <\/div>\r\n\r\n                <div class=\"td-excerpt\">\r\n                     Farveprofiler s\u00f8rger for et ensartet trykresultat p\u00e5 forskellige papirtyper. Du skal blot installere aktuelle farveprofiler og implementere dem ved oprettelsen af trykfiler. Men hvordan fungerer det pr\u00e6cist?                <\/div>\r\n\r\n                <div class=\"td-read-more\">\r\n                    <a href=\"https:\/\/www.onlineprinters.dk\/blog\/icc-profile\/\">L\u00e6s mere<\/a>\r\n                <\/div>\r\n            <\/div>\r\n\r\n        <\/div>\r\n\r\n        \n\t<\/div> <!-- .\/td-block-span12 -->\n\n\t<div class=\"td-block-span12\">\n\r\n        <div class=\"td_module_11 td_module_wrap td-animation-stack td-meta-info-hide\">\r\n                        <div class=\"td-module-thumb\"><a href=\"https:\/\/www.onlineprinters.dk\/blog\/letskumsplade-med-konturskaering\/\" rel=\"bookmark\" class=\"td-image-wrap\" title=\"InDesign-vejledning: letskumsplade med kontursk\u00e6ring\"><img loading=\"lazy\" decoding=\"async\" width=\"324\" height=\"235\" class=\"entry-thumb\" src=\"https:\/\/www.onlineprinters.dk\/blog\/wp-content\/uploads\/2018\/11\/recorte-de-contorno-324x235.jpg\" alt=\"\" title=\"InDesign-vejledning: letskumsplade med kontursk\u00e6ring\"\/><\/a><\/div>            \r\n            <div class=\"item-details\">\r\n                <h3 class=\"entry-title td-module-title\"><a href=\"https:\/\/www.onlineprinters.dk\/blog\/letskumsplade-med-konturskaering\/\" rel=\"bookmark\" title=\"InDesign-vejledning: letskumsplade med kontursk\u00e6ring\">InDesign-vejledning: letskumsplade med kontursk\u00e6ring<\/a><\/h3>\r\n                <div class=\"td-module-meta-info\">\r\n                                                                                                <\/div>\r\n\r\n                <div class=\"td-excerpt\">\r\n                    Vi kender dem godt: Skiltene foran virksomheders indgange. Sm\u00e5, mellemstore, store, og i de fleste tilf\u00e6lde firkantede! ...                <\/div>\r\n\r\n                <div class=\"td-read-more\">\r\n                    <a href=\"https:\/\/www.onlineprinters.dk\/blog\/letskumsplade-med-konturskaering\/\">L\u00e6s mere<\/a>\r\n                <\/div>\r\n            <\/div>\r\n\r\n        <\/div>\r\n\r\n        \n\t<\/div> <!-- .\/td-block-span12 -->\n\n\t<div class=\"td-block-span12\">\n\r\n        <div class=\"td_module_11 td_module_wrap td-animation-stack td-meta-info-hide\">\r\n                        <div class=\"td-module-thumb\"><a href=\"https:\/\/www.onlineprinters.dk\/blog\/indesign-administrer-sidetal\/\" rel=\"bookmark\" class=\"td-image-wrap\" title=\"InDesign: tilf\u00f8j, formater og administrer sidetal \u2013 Basics-Vejledning\"><img loading=\"lazy\" decoding=\"async\" width=\"324\" height=\"235\" class=\"entry-thumb\" src=\"https:\/\/www.onlineprinters.dk\/blog\/wp-content\/uploads\/2018\/11\/Indesign-page-numbering-324x235.jpg\" alt=\"\" title=\"InDesign: tilf\u00f8j, formater og administrer sidetal \u2013 Basics-Vejledning\"\/><\/a><\/div>            \r\n            <div class=\"item-details\">\r\n                <h3 class=\"entry-title td-module-title\"><a href=\"https:\/\/www.onlineprinters.dk\/blog\/indesign-administrer-sidetal\/\" rel=\"bookmark\" title=\"InDesign: tilf\u00f8j, formater og administrer sidetal \u2013 Basics-Vejledning\">InDesign: tilf\u00f8j, formater og administrer sidetal \u2013 Bas...<\/a><\/h3>\r\n                <div class=\"td-module-meta-info\">\r\n                                                                                                <\/div>\r\n\r\n                <div class=\"td-excerpt\">\r\n                    Adobe-programmet InDesign er et af de mest almindelige v\u00e6rkt\u00f8jer til at udvikle og redigere layouts. Hvis du opretter si...                <\/div>\r\n\r\n                <div class=\"td-read-more\">\r\n                    <a href=\"https:\/\/www.onlineprinters.dk\/blog\/indesign-administrer-sidetal\/\">L\u00e6s mere<\/a>\r\n                <\/div>\r\n            <\/div>\r\n\r\n        <\/div>\r\n\r\n        \n\t<\/div> <!-- .\/td-block-span12 --><\/div><\/div> <!-- .\/block --><\/div><\/div><div class=\"vc_column tdi_15  wpb_column vc_column_container tdc-column td-pb-span4\">\n<style scoped>\n\n\/* custom css *\/\n.tdi_15{\r\n                    vertical-align: baseline;\r\n                }.tdi_15 > .wpb_wrapper,\r\n\t\t\t\t.tdi_15 > .wpb_wrapper > .tdc-elements{\r\n\t\t\t\t    display: block;\r\n\t\t\t\t}.tdi_15 > .wpb_wrapper > .tdc-elements{\r\n\t\t\t\t    width: 100%;\r\n\t\t\t\t}.tdi_15 > .wpb_wrapper > .vc_row_inner{\r\n\t\t\t\t    width: auto;\r\n\t\t\t\t}.tdi_15 > .wpb_wrapper{\r\n\t\t\t\t    width: auto;\r\n\t\t\t\t    height: auto;\r\n\t\t\t\t}\n<\/style><div class=\"wpb_wrapper\"><div class=\"wpb_wrapper td_block_wrap vc_widget_sidebar tdi_17 \" ><a href=\"https:\/\/www.onlineprinters.dk\" class=\"opidShopWidget shopWidget  \" el=\"magazin_promo_widget_s\" widgetType=\"standard\" aria-label=\"go to shop\"><aside class=\"td_block_template_1 widget op_widget_product_link op_widget_product_link_standard td-animation-stack-type0-2\" style=\"height: 150px; center center no-repeat;\"><div class=\"shop_link_img shop_link_img_top\"><img decoding=\"async\" src=\"https:\/\/www.onlineprinters.dk\/blog\/wp-content\/uploads\/shopLogoSmallOp.svg\" alt=\"Til shoppen Onlineprinters\"><\/div><div class=\"shop_link_txt shop_link_txt_bottom\">Shop<\/div><\/aside><\/a>\t\t<aside id=\"op-recent-posts-1\" class=\"td_block_template_1 widget op-recent-posts-1 op_widget_recent_entries\">\r\n\t\t\t<h4 class=\"block-title\"><span>Seneste indl\u00e6g<\/span><\/h4>\t\t\r\n\t\t<ul>\r\n\t\t\t\t\t<li>\r\n\t\t\t\t<a  href=\"https:\/\/www.onlineprinters.dk\/blog\/prisforhojelse-annoncering-tips-og-tekst-skabeloner\/\">\r\n\t\t\t\t<img loading=\"lazy\" decoding=\"async\" width=\"80\" height=\"60\" src=\"https:\/\/www.onlineprinters.dk\/blog\/wp-content\/uploads\/2024\/01\/Beitragsbild_Preiserhoehung-80x60.jpg\" class=\"attachment-80x60 size-80x60 wp-post-image\" alt=\"\" srcset=\"https:\/\/www.onlineprinters.dk\/blog\/wp-content\/uploads\/2024\/01\/Beitragsbild_Preiserhoehung-80x60.jpg 80w, https:\/\/www.onlineprinters.dk\/blog\/wp-content\/uploads\/2024\/01\/Beitragsbild_Preiserhoehung-485x360.jpg 485w, https:\/\/www.onlineprinters.dk\/blog\/wp-content\/uploads\/2024\/01\/Beitragsbild_Preiserhoehung-265x198.jpg 265w\" sizes=\"(max-width: 80px) 100vw, 80px\" \/>\t\t\t\t<span class=\"title\">\r\n\t\t\t\t\tAnnoncering af en prisstigning &#8211; tips og tekstskabeloner\t\t\t\t<\/span>\r\n\t\t\t\t\t\t\t\t<\/a>\r\n\t\t\t<\/li>\r\n\t\t\t\t\t<li>\r\n\t\t\t\t<a  href=\"https:\/\/www.onlineprinters.dk\/blog\/7-farvekontraster-komplementaer-farveeffekt\/\">\r\n\t\t\t\t<img loading=\"lazy\" decoding=\"async\" width=\"80\" height=\"60\" src=\"https:\/\/www.onlineprinters.dk\/blog\/wp-content\/uploads\/2024\/01\/2017-07-25-Farbkontraste_FB-80x60.jpg\" class=\"attachment-80x60 size-80x60 wp-post-image\" alt=\"\" srcset=\"https:\/\/www.onlineprinters.dk\/blog\/wp-content\/uploads\/2024\/01\/2017-07-25-Farbkontraste_FB-80x60.jpg 80w, https:\/\/www.onlineprinters.dk\/blog\/wp-content\/uploads\/2024\/01\/2017-07-25-Farbkontraste_FB-485x360.jpg 485w, https:\/\/www.onlineprinters.dk\/blog\/wp-content\/uploads\/2024\/01\/2017-07-25-Farbkontraste_FB-265x198.jpg 265w\" sizes=\"(max-width: 80px) 100vw, 80px\" \/>\t\t\t\t<span class=\"title\">\r\n\t\t\t\t\tFarvekontraster i kunsten &#8211; Komplement\u00e6rfarver, Itten og tallet 7\t\t\t\t<\/span>\r\n\t\t\t\t\t\t\t\t<\/a>\r\n\t\t\t<\/li>\r\n\t\t\t\t\t<li>\r\n\t\t\t\t<a  href=\"https:\/\/www.onlineprinters.dk\/blog\/julegaver-til-kunderne\/\">\r\n\t\t\t\t<img loading=\"lazy\" decoding=\"async\" width=\"80\" height=\"60\" src=\"https:\/\/www.onlineprinters.dk\/blog\/wp-content\/uploads\/2023\/11\/Beitragsbild_NL_Kundengeschenke-80x60.jpg\" class=\"attachment-80x60 size-80x60 wp-post-image\" alt=\"\" srcset=\"https:\/\/www.onlineprinters.dk\/blog\/wp-content\/uploads\/2023\/11\/Beitragsbild_NL_Kundengeschenke-80x60.jpg 80w, https:\/\/www.onlineprinters.dk\/blog\/wp-content\/uploads\/2023\/11\/Beitragsbild_NL_Kundengeschenke-485x360.jpg 485w, https:\/\/www.onlineprinters.dk\/blog\/wp-content\/uploads\/2023\/11\/Beitragsbild_NL_Kundengeschenke-265x198.jpg 265w\" sizes=\"(max-width: 80px) 100vw, 80px\" \/>\t\t\t\t<span class=\"title\">\r\n\t\t\t\t\tJulegaver til kunder &#8211; inspiration og tips\t\t\t\t<\/span>\r\n\t\t\t\t\t\t\t\t<\/a>\r\n\t\t\t<\/li>\r\n\t\t\t\t\t<li>\r\n\t\t\t\t<a  href=\"https:\/\/www.onlineprinters.dk\/blog\/ordsprog-til-julekort\/\">\r\n\t\t\t\t<img loading=\"lazy\" decoding=\"async\" width=\"80\" height=\"60\" src=\"https:\/\/www.onlineprinters.dk\/blog\/wp-content\/uploads\/2023\/11\/Beitragsbild_Weihnachtssprueche_neu-2-80x60.jpg\" class=\"attachment-80x60 size-80x60 wp-post-image\" alt=\"\" srcset=\"https:\/\/www.onlineprinters.dk\/blog\/wp-content\/uploads\/2023\/11\/Beitragsbild_Weihnachtssprueche_neu-2-80x60.jpg 80w, https:\/\/www.onlineprinters.dk\/blog\/wp-content\/uploads\/2023\/11\/Beitragsbild_Weihnachtssprueche_neu-2-485x360.jpg 485w, https:\/\/www.onlineprinters.dk\/blog\/wp-content\/uploads\/2023\/11\/Beitragsbild_Weihnachtssprueche_neu-2-265x198.jpg 265w\" sizes=\"(max-width: 80px) 100vw, 80px\" \/>\t\t\t\t<span class=\"title\">\r\n\t\t\t\t\tOrdsprog til julekort: forslag og gratis tekstskabeloner\t\t\t\t<\/span>\r\n\t\t\t\t\t\t\t\t<\/a>\r\n\t\t\t<\/li>\r\n\t\t\t\t<\/ul>\r\n\t\t\t\t\r\n\t\t<\/aside>\t\t<aside id=\"search-3\" class=\"td_block_template_1 widget search-3 widget_search\"><form method=\"get\" class=\"td-search-form-widget\" action=\"https:\/\/www.onlineprinters.dk\/blog\/\">\r\n    <div role=\"search\">\r\n        <input class=\"td-widget-search-input\" type=\"text\" value=\"\" name=\"s\" id=\"s\" \/><input class=\"wpb_button wpb_btn-inverse btn\" type=\"submit\" id=\"searchsubmit\" value=\"Search\" \/>\r\n    <\/div>\r\n<\/form><\/aside><\/div><\/div><\/div><\/div><\/div><div id=\"tdi_18\" class=\"tdc-row\"><div class=\"vc_row tdi_19  wpb_row td-pb-row\" >\n<style scoped>\n\n\/* custom css *\/\n.tdi_19,\r\n                .tdi_19 .tdc-columns{\r\n                    min-height: 0;\r\n                }.tdi_19,\r\n\t\t\t\t.tdi_19 .tdc-columns{\r\n\t\t\t\t    display: block;\r\n\t\t\t\t}.tdi_19 .tdc-columns{\r\n\t\t\t\t    width: 100%;\r\n\t\t\t\t}\n<\/style><div class=\"vc_column tdi_21  wpb_column vc_column_container tdc-column td-pb-span8\">\n<style scoped>\n\n\/* custom css *\/\n.tdi_21{\r\n                    vertical-align: baseline;\r\n                }.tdi_21 > .wpb_wrapper,\r\n\t\t\t\t.tdi_21 > .wpb_wrapper > .tdc-elements{\r\n\t\t\t\t    display: block;\r\n\t\t\t\t}.tdi_21 > .wpb_wrapper > .tdc-elements{\r\n\t\t\t\t    width: 100%;\r\n\t\t\t\t}.tdi_21 > .wpb_wrapper > .vc_row_inner{\r\n\t\t\t\t    width: auto;\r\n\t\t\t\t}.tdi_21 > .wpb_wrapper{\r\n\t\t\t\t    width: auto;\r\n\t\t\t\t    height: auto;\r\n\t\t\t\t}\n<\/style><div class=\"wpb_wrapper\"><div class=\"td_block_wrap td_block_text_with_title tdi_22 tagdiv-type td-pb-border-top td_block_template_1\"  data-td-block-uid=\"tdi_22\" ><div class=\"td-block-title-wrap\"><h2 class=\"block-title td-block-title\"><span class=\"td-pulldown-size\">Flere InDesign-vejledninger<\/span><\/h2><\/div><div class=\"td_mod_wrap td-fix-index\"><p>L\u00e6r, hvordan man <strong>opretter trykfiler korrekt<\/strong>, af nogle, som ved, hvordan man g\u00f8r \u2013 trykkeriets layoutere. Uanset om det handler om grundlag eller s\u00e6rlige tilf\u00e6lde som oprettelsen af en specialfarve, disse tips vil underst\u00f8tte dig i dine design-workflows frem til leveringen af trykfilerne.<\/p>\n<\/div><\/div><div class=\"td_block_wrap td_block_11 tdi_23 td-pb-border-top td_block_template_1 td-column-2\"  data-td-block-uid=\"tdi_23\" ><script>var block_tdi_23 = new tdBlock();\nblock_tdi_23.id = \"tdi_23\";\nblock_tdi_23.atts = '{\"category_id\":\"4\",\"offset\":\"5\",\"separator\":\"\",\"block_type\":\"td_block_11\",\"custom_title\":\"\",\"custom_url\":\"\",\"block_template_id\":\"\",\"m10_tl\":\"\",\"m10_el\":\"\",\"post_ids\":\"\",\"category_ids\":\"\",\"tag_slug\":\"\",\"autors_id\":\"\",\"installed_post_types\":\"\",\"sort\":\"\",\"limit\":\"5\",\"show_modified_date\":\"\",\"time_ago\":\"\",\"time_ago_add_txt\":\"ago\",\"time_ago_txt_pos\":\"\",\"el_class\":\"\",\"td_ajax_filter_type\":\"\",\"td_ajax_filter_ids\":\"\",\"td_filter_default_txt\":\"All\",\"td_ajax_preloading\":\"\",\"f_header_font_header\":\"\",\"f_header_font_title\":\"Block header\",\"f_header_font_settings\":\"\",\"f_header_font_family\":\"\",\"f_header_font_size\":\"\",\"f_header_font_line_height\":\"\",\"f_header_font_style\":\"\",\"f_header_font_weight\":\"\",\"f_header_font_transform\":\"\",\"f_header_font_spacing\":\"\",\"f_header_\":\"\",\"f_ajax_font_title\":\"Ajax categories\",\"f_ajax_font_settings\":\"\",\"f_ajax_font_family\":\"\",\"f_ajax_font_size\":\"\",\"f_ajax_font_line_height\":\"\",\"f_ajax_font_style\":\"\",\"f_ajax_font_weight\":\"\",\"f_ajax_font_transform\":\"\",\"f_ajax_font_spacing\":\"\",\"f_ajax_\":\"\",\"f_more_font_title\":\"Load more button\",\"f_more_font_settings\":\"\",\"f_more_font_family\":\"\",\"f_more_font_size\":\"\",\"f_more_font_line_height\":\"\",\"f_more_font_style\":\"\",\"f_more_font_weight\":\"\",\"f_more_font_transform\":\"\",\"f_more_font_spacing\":\"\",\"f_more_\":\"\",\"m10f_title_font_header\":\"\",\"m10f_title_font_title\":\"Article title\",\"m10f_title_font_settings\":\"\",\"m10f_title_font_family\":\"\",\"m10f_title_font_size\":\"\",\"m10f_title_font_line_height\":\"\",\"m10f_title_font_style\":\"\",\"m10f_title_font_weight\":\"\",\"m10f_title_font_transform\":\"\",\"m10f_title_font_spacing\":\"\",\"m10f_title_\":\"\",\"m10f_cat_font_title\":\"Article category tag\",\"m10f_cat_font_settings\":\"\",\"m10f_cat_font_family\":\"\",\"m10f_cat_font_size\":\"\",\"m10f_cat_font_line_height\":\"\",\"m10f_cat_font_style\":\"\",\"m10f_cat_font_weight\":\"\",\"m10f_cat_font_transform\":\"\",\"m10f_cat_font_spacing\":\"\",\"m10f_cat_\":\"\",\"m10f_meta_font_title\":\"Article meta info\",\"m10f_meta_font_settings\":\"\",\"m10f_meta_font_family\":\"\",\"m10f_meta_font_size\":\"\",\"m10f_meta_font_line_height\":\"\",\"m10f_meta_font_style\":\"\",\"m10f_meta_font_weight\":\"\",\"m10f_meta_font_transform\":\"\",\"m10f_meta_font_spacing\":\"\",\"m10f_meta_\":\"\",\"m10f_ex_font_title\":\"Article excerpt\",\"m10f_ex_font_settings\":\"\",\"m10f_ex_font_family\":\"\",\"m10f_ex_font_size\":\"\",\"m10f_ex_font_line_height\":\"\",\"m10f_ex_font_style\":\"\",\"m10f_ex_font_weight\":\"\",\"m10f_ex_font_transform\":\"\",\"m10f_ex_font_spacing\":\"\",\"m10f_ex_\":\"\",\"ajax_pagination\":\"\",\"ajax_pagination_infinite_stop\":\"\",\"css\":\"\",\"tdc_css\":\"\",\"td_column_number\":2,\"header_color\":\"\",\"color_preset\":\"\",\"border_top\":\"\",\"class\":\"tdi_23\",\"tdc_css_class\":\"tdi_23\",\"tdc_css_class_style\":\"tdi_23_rand_style\"}';\nblock_tdi_23.td_column_number = \"2\";\nblock_tdi_23.block_type = \"td_block_11\";\nblock_tdi_23.post_count = \"5\";\nblock_tdi_23.found_posts = \"10\";\nblock_tdi_23.header_color = \"\";\nblock_tdi_23.ajax_pagination_infinite_stop = \"\";\nblock_tdi_23.max_num_pages = \"1\";\ntdBlocksArray.push(block_tdi_23);\n<\/script><div class=\"td-block-title-wrap\"><\/div><div id=tdi_23 class=\"td_block_inner\">\n\n\t<div class=\"td-block-span12\">\n\r\n        <div class=\"td_module_10 td_module_wrap td-animation-stack td-meta-info-hide\">\r\n                        <div class=\"td-module-thumb\"><a href=\"https:\/\/www.onlineprinters.dk\/blog\/folder-m65-vejledning\/\" rel=\"bookmark\" class=\"td-image-wrap\" title=\"InDesign-vejledning: folder med seks sider I M65\"><img loading=\"lazy\" decoding=\"async\" width=\"218\" height=\"150\" class=\"entry-thumb\" src=\"https:\/\/www.onlineprinters.dk\/blog\/wp-content\/uploads\/2018\/11\/folded-leaflet-218x150.jpg\" srcset=\"https:\/\/www.onlineprinters.dk\/blog\/wp-content\/uploads\/2018\/11\/folded-leaflet-218x150.jpg 218w, https:\/\/www.onlineprinters.dk\/blog\/wp-content\/uploads\/2018\/11\/folded-leaflet-100x70.jpg 100w\" sizes=\"(max-width: 218px) 100vw, 218px\" alt=\"\" title=\"InDesign-vejledning: folder med seks sider I M65\"\/><\/a><\/div>                        \r\n            <div class=\"item-details\">\r\n            <h3 class=\"entry-title td-module-title\"><a href=\"https:\/\/www.onlineprinters.dk\/blog\/folder-m65-vejledning\/\" rel=\"bookmark\" title=\"InDesign-vejledning: folder med seks sider I M65\">InDesign-vejledning: folder med seks sider I M65<\/a><\/h3>\r\n                <div class=\"td-module-meta-info\">\r\n                                                                                                            <\/div>\r\n\r\n                <div class=\"td-excerpt\">\r\n                    Foldere findes i mange forskellige varianter, former og formater. De er meget velegnet til at formidle informationer s\u00e5 overskueligt og ordnet som muligt. Denne vejledning handler ...                <\/div>\r\n\r\n                                <div class=\"td-read-more\">\r\n                    <a href=\"https:\/\/www.onlineprinters.dk\/blog\/folder-m65-vejledning\/\">L\u00e6s mere<\/a>\r\n                <\/div>\r\n                            <\/div>\r\n\r\n        <\/div>\r\n\r\n        \n\t<\/div> <!-- .\/td-block-span12 -->\n\n\t<div class=\"td-block-span12\">\n\r\n        <div class=\"td_module_10 td_module_wrap td-animation-stack td-meta-info-hide\">\r\n                        <div class=\"td-module-thumb\"><a href=\"https:\/\/www.onlineprinters.dk\/blog\/integrering-af-skrifttyper\/\" rel=\"bookmark\" class=\"td-image-wrap\" title=\"Integrering af skrifttyper: med InDesign, Photoshop og Illustrator\"><img loading=\"lazy\" decoding=\"async\" width=\"218\" height=\"150\" class=\"entry-thumb\" src=\"https:\/\/www.onlineprinters.dk\/blog\/wp-content\/uploads\/2018\/11\/Embedded-fonts-218x150.jpg\" srcset=\"https:\/\/www.onlineprinters.dk\/blog\/wp-content\/uploads\/2018\/11\/Embedded-fonts-218x150.jpg 218w, https:\/\/www.onlineprinters.dk\/blog\/wp-content\/uploads\/2018\/11\/Embedded-fonts-100x70.jpg 100w\" sizes=\"(max-width: 218px) 100vw, 218px\" alt=\"\" title=\"Integrering af skrifttyper: med InDesign, Photoshop og Illustrator\"\/><\/a><\/div>                        \r\n            <div class=\"item-details\">\r\n            <h3 class=\"entry-title td-module-title\"><a href=\"https:\/\/www.onlineprinters.dk\/blog\/integrering-af-skrifttyper\/\" rel=\"bookmark\" title=\"Integrering af skrifttyper: med InDesign, Photoshop og Illustrator\">Integrering af skrifttyper: med InDesign, Photoshop og Illustrator<\/a><\/h3>\r\n                <div class=\"td-module-meta-info\">\r\n                                                                                                            <\/div>\r\n\r\n                <div class=\"td-excerpt\">\r\n                    Der findes et hav af skrifttyper. Det kan v\u00e6re en systemskrifttype som Arial, som underst\u00f8ttes af alle computere som standard, eller en af de popul\u00e6re skrifttyper inden for trykomr...                <\/div>\r\n\r\n                                <div class=\"td-read-more\">\r\n                    <a href=\"https:\/\/www.onlineprinters.dk\/blog\/integrering-af-skrifttyper\/\">L\u00e6s mere<\/a>\r\n                <\/div>\r\n                            <\/div>\r\n\r\n        <\/div>\r\n\r\n        \n\t<\/div> <!-- .\/td-block-span12 -->\n\n\t<div class=\"td-block-span12\">\n\r\n        <div class=\"td_module_10 td_module_wrap td-animation-stack td-meta-info-hide\">\r\n                        <div class=\"td-module-thumb\"><a href=\"https:\/\/www.onlineprinters.dk\/blog\/guldfarve-cmyk\/\" rel=\"bookmark\" class=\"td-image-wrap\" title=\"Guldfarve i CMYK\"><img loading=\"lazy\" decoding=\"async\" width=\"218\" height=\"150\" class=\"entry-thumb\" src=\"https:\/\/www.onlineprinters.dk\/blog\/wp-content\/uploads\/2018\/11\/Guld-cmyk-218x150.jpg\" srcset=\"https:\/\/www.onlineprinters.dk\/blog\/wp-content\/uploads\/2018\/11\/Guld-cmyk-218x150.jpg 218w, https:\/\/www.onlineprinters.dk\/blog\/wp-content\/uploads\/2018\/11\/Guld-cmyk-100x70.jpg 100w\" sizes=\"(max-width: 218px) 100vw, 218px\" alt=\"\" title=\"Guldfarve i CMYK\"\/><\/a><\/div>                        \r\n            <div class=\"item-details\">\r\n            <h3 class=\"entry-title td-module-title\"><a href=\"https:\/\/www.onlineprinters.dk\/blog\/guldfarve-cmyk\/\" rel=\"bookmark\" title=\"Guldfarve i CMYK\">Guldfarve i CMYK<\/a><\/h3>\r\n                <div class=\"td-module-meta-info\">\r\n                                                                                                            <\/div>\r\n\r\n                <div class=\"td-excerpt\">\r\n                    Guldfarve er ikke kun et blikfang som smykker. Ogs\u00e5 inden for grafisk design anvendes den gerne, hvis et design eller element skal virke meget elegant. I denne vejledning f\u00e5r du at...                <\/div>\r\n\r\n                                <div class=\"td-read-more\">\r\n                    <a href=\"https:\/\/www.onlineprinters.dk\/blog\/guldfarve-cmyk\/\">L\u00e6s mere<\/a>\r\n                <\/div>\r\n                            <\/div>\r\n\r\n        <\/div>\r\n\r\n        \n\t<\/div> <!-- .\/td-block-span12 -->\n\n\t<div class=\"td-block-span12\">\n\r\n        <div class=\"td_module_10 td_module_wrap td-animation-stack td-meta-info-hide\">\r\n                        <div class=\"td-module-thumb\"><a href=\"https:\/\/www.onlineprinters.dk\/blog\/femte-farve-indesign\/\" rel=\"bookmark\" class=\"td-image-wrap\" title=\"Den 5. farve: relieflak, UV-farve og specialfarve\"><img loading=\"lazy\" decoding=\"async\" width=\"218\" height=\"150\" class=\"entry-thumb\" src=\"https:\/\/www.onlineprinters.dk\/blog\/wp-content\/uploads\/2018\/11\/5th-colour_Featured-Picture-218x150.jpg\" srcset=\"https:\/\/www.onlineprinters.dk\/blog\/wp-content\/uploads\/2018\/11\/5th-colour_Featured-Picture-218x150.jpg 218w, https:\/\/www.onlineprinters.dk\/blog\/wp-content\/uploads\/2018\/11\/5th-colour_Featured-Picture-100x70.jpg 100w\" sizes=\"(max-width: 218px) 100vw, 218px\" alt=\"\" title=\"Den 5. farve: relieflak, UV-farve og specialfarve\"\/><\/a><\/div>                        \r\n            <div class=\"item-details\">\r\n            <h3 class=\"entry-title td-module-title\"><a href=\"https:\/\/www.onlineprinters.dk\/blog\/femte-farve-indesign\/\" rel=\"bookmark\" title=\"Den 5. farve: relieflak, UV-farve og specialfarve\">Den 5. farve: relieflak, UV-farve og specialfarve<\/a><\/h3>\r\n                <div class=\"td-module-meta-info\">\r\n                                                                                                            <\/div>\r\n\r\n                <div class=\"td-excerpt\">\r\n                    Relieflak, sortlysfarve, specialfarve - oprettelsen af data til disse s\u00e6regenheder af trykproduktionen fungerer i Adobe InDesign altid efter det samme princip. I denne vejledning l...                <\/div>\r\n\r\n                                <div class=\"td-read-more\">\r\n                    <a href=\"https:\/\/www.onlineprinters.dk\/blog\/femte-farve-indesign\/\">L\u00e6s mere<\/a>\r\n                <\/div>\r\n                            <\/div>\r\n\r\n        <\/div>\r\n\r\n        \n\t<\/div> <!-- .\/td-block-span12 -->\n\n\t<div class=\"td-block-span12\">\n\r\n        <div class=\"td_module_10 td_module_wrap td-animation-stack td-meta-info-hide\">\r\n                        <div class=\"td-module-thumb\"><a href=\"https:\/\/www.onlineprinters.dk\/blog\/eksporter-trykklare-pdf-indesign\/\" rel=\"bookmark\" class=\"td-image-wrap\" title=\"CTRL + E: eksporter trykklare PDF\u2019er med InDesign\"><img loading=\"lazy\" decoding=\"async\" width=\"218\" height=\"150\" class=\"entry-thumb\" src=\"https:\/\/www.onlineprinters.dk\/blog\/wp-content\/uploads\/2018\/11\/Exporting-Print-Ready-PDFs-218x150.jpg\" srcset=\"https:\/\/www.onlineprinters.dk\/blog\/wp-content\/uploads\/2018\/11\/Exporting-Print-Ready-PDFs-218x150.jpg 218w, https:\/\/www.onlineprinters.dk\/blog\/wp-content\/uploads\/2018\/11\/Exporting-Print-Ready-PDFs-100x70.jpg 100w\" sizes=\"(max-width: 218px) 100vw, 218px\" alt=\"\" title=\"CTRL + E: eksporter trykklare PDF\u2019er med InDesign\"\/><\/a><\/div>                        \r\n            <div class=\"item-details\">\r\n            <h3 class=\"entry-title td-module-title\"><a href=\"https:\/\/www.onlineprinters.dk\/blog\/eksporter-trykklare-pdf-indesign\/\" rel=\"bookmark\" title=\"CTRL + E: eksporter trykklare PDF\u2019er med InDesign\">CTRL + E: eksporter trykklare PDF\u2019er med InDesign<\/a><\/h3>\r\n                <div class=\"td-module-meta-info\">\r\n                                                                                                            <\/div>\r\n\r\n                <div class=\"td-excerpt\">\r\n                    N\u00e5r onlinetrykkerier taler om \u201etrykklare PDF'er\u201c, er der mange, der ikke ved, hvad der er tale om. Det er ikke s\u00e5 m\u00e6rkeligt, for \u2013 indr\u00f8mmet! \u2013 ikke alle taler trykkerisprog. I den...                <\/div>\r\n\r\n                                <div class=\"td-read-more\">\r\n                    <a href=\"https:\/\/www.onlineprinters.dk\/blog\/eksporter-trykklare-pdf-indesign\/\">L\u00e6s mere<\/a>\r\n                <\/div>\r\n                            <\/div>\r\n\r\n        <\/div>\r\n\r\n        \n\t<\/div> <!-- .\/td-block-span12 --><\/div><\/div> <!-- .\/block --><\/div><\/div><div class=\"vc_column tdi_25  wpb_column vc_column_container tdc-column td-pb-span4\">\n<style scoped>\n\n\/* custom css *\/\n.tdi_25{\r\n                    vertical-align: baseline;\r\n                }.tdi_25 > .wpb_wrapper,\r\n\t\t\t\t.tdi_25 > .wpb_wrapper > .tdc-elements{\r\n\t\t\t\t    display: block;\r\n\t\t\t\t}.tdi_25 > .wpb_wrapper > .tdc-elements{\r\n\t\t\t\t    width: 100%;\r\n\t\t\t\t}.tdi_25 > .wpb_wrapper > .vc_row_inner{\r\n\t\t\t\t    width: auto;\r\n\t\t\t\t}.tdi_25 > .wpb_wrapper{\r\n\t\t\t\t    width: auto;\r\n\t\t\t\t    height: auto;\r\n\t\t\t\t}\n<\/style><div class=\"wpb_wrapper\"><div class=\"wpb_wrapper td_block_separator td_block_wrap vc_separator tdi_27  td_separator_solid td_separator_center\"><span style=\"border-color:white;border-width:1px;width:100%;\"><\/span>\n<style scoped>\n\n\/* custom css *\/\n.td_block_separator{\r\n                  width: 100%;\r\n                  align-items: center;\r\n                  margin-bottom: 38px;\r\n                  padding-bottom: 10px;\r\n                }.td_block_separator span{\r\n                  position: relative;\r\n                  display: block;\r\n                  margin: 0 auto;\r\n                  width: 100%;\r\n                  height: 1px;\r\n                  border-top: 1px solid #EBEBEB;\r\n                }.td_separator_align_left span{\r\n                  margin-left: 0;\r\n                }.td_separator_align_right span{\r\n                  margin-right: 0;\r\n                }.td_separator_dashed span{\r\n                  border-top-style: dashed;\r\n                }.td_separator_dotted span{\r\n                  border-top-style: dotted;\r\n                }.td_separator_double span{\r\n                  height: 3px;\r\n                  border-bottom: 1px solid #EBEBEB;\r\n                }.td_separator_shadow > span{\r\n                  position: relative;\r\n                  height: 20px;\r\n                  overflow: hidden;\r\n                  border: 0;\r\n                  color: #EBEBEB;\r\n                }.td_separator_shadow > span > span{\r\n                  position: absolute;\r\n                  top: -30px;\r\n                  left: 0;\r\n                  right: 0;\r\n                  margin: 0 auto;\r\n                  height: 13px;\r\n                  width: 98%;\r\n                  border-radius: 100%;\r\n                }\n<\/style><\/div><div class=\"wpb_wrapper td_block_separator td_block_wrap vc_separator tdi_29  td_separator_solid td_separator_center\"><span style=\"border-color:white;border-width:1px;width:100%;\"><\/span><\/div><\/div><\/div><\/div><\/div><div id=\"tdi_30\" class=\"tdc-row\"><div class=\"vc_row tdi_31 op-row-grey-background wpb_row td-pb-row\" >\n<style scoped>\n\n\/* custom css *\/\n.tdi_31,\r\n                .tdi_31 .tdc-columns{\r\n                    min-height: 0;\r\n                }.tdi_31,\r\n\t\t\t\t.tdi_31 .tdc-columns{\r\n\t\t\t\t    display: block;\r\n\t\t\t\t}.tdi_31 .tdc-columns{\r\n\t\t\t\t    width: 100%;\r\n\t\t\t\t}\n<\/style><div class=\"vc_column tdi_33  wpb_column vc_column_container tdc-column td-pb-span12\">\n<style scoped>\n\n\/* custom css *\/\n.tdi_33{\r\n                    vertical-align: baseline;\r\n                }.tdi_33 > .wpb_wrapper,\r\n\t\t\t\t.tdi_33 > .wpb_wrapper > .tdc-elements{\r\n\t\t\t\t    display: block;\r\n\t\t\t\t}.tdi_33 > .wpb_wrapper > .tdc-elements{\r\n\t\t\t\t    width: 100%;\r\n\t\t\t\t}.tdi_33 > .wpb_wrapper > .vc_row_inner{\r\n\t\t\t\t    width: auto;\r\n\t\t\t\t}.tdi_33 > .wpb_wrapper{\r\n\t\t\t\t    width: auto;\r\n\t\t\t\t    height: auto;\r\n\t\t\t\t}\n<\/style><div class=\"wpb_wrapper\"><div class=\"wpb_wrapper td_block_separator td_block_wrap vc_separator tdi_35  td_separator_solid td_separator_center\"><span style=\"border-color:#EBEBEB;border-width:1px;width:100%;\"><\/span><\/div><div class=\"td_block_wrap td_block_text_with_title vc_custom_1543565937055 tdi_36 tagdiv-type td-pb-border-top td_block_template_1\"  data-td-block-uid=\"tdi_36\" ><div class=\"td-block-title-wrap\"><\/div><div class=\"td_mod_wrap td-fix-index\"><h4><span style=\"font-size: 25px;\">Et st\u00f8rre perspektiv: Popul\u00e6re Photoshop-vejledninger<\/span><\/h4>\n<p>Leder du efter en Photoshop-vejledning? I vores gratis Photoshop-vejledningsserie finder du b\u00e5de grundlag og praktiske tips &amp; tricks til viderekomne og professionelle.<\/p>\n<\/div><\/div><div class=\"td_block_wrap td_block_15 tdi_37 td-pb-border-top td_block_template_1 td-column-3 td_block_padding\"  data-td-block-uid=\"tdi_37\" ><script>var block_tdi_37 = new tdBlock();\nblock_tdi_37.id = \"tdi_37\";\nblock_tdi_37.atts = '{\"category_id\":\"8\",\"separator\":\"\",\"block_type\":\"td_block_15\",\"custom_title\":\"\",\"custom_url\":\"\",\"block_template_id\":\"\",\"mx4_tl\":\"\",\"post_ids\":\"\",\"category_ids\":\"\",\"tag_slug\":\"\",\"autors_id\":\"\",\"installed_post_types\":\"\",\"sort\":\"\",\"limit\":\"5\",\"offset\":\"\",\"show_modified_date\":\"\",\"time_ago\":\"\",\"time_ago_add_txt\":\"ago\",\"time_ago_txt_pos\":\"\",\"el_class\":\"\",\"td_ajax_filter_type\":\"\",\"td_ajax_filter_ids\":\"\",\"td_filter_default_txt\":\"All\",\"td_ajax_preloading\":\"\",\"f_header_font_header\":\"\",\"f_header_font_title\":\"Block header\",\"f_header_font_settings\":\"\",\"f_header_font_family\":\"\",\"f_header_font_size\":\"\",\"f_header_font_line_height\":\"\",\"f_header_font_style\":\"\",\"f_header_font_weight\":\"\",\"f_header_font_transform\":\"\",\"f_header_font_spacing\":\"\",\"f_header_\":\"\",\"f_ajax_font_title\":\"Ajax categories\",\"f_ajax_font_settings\":\"\",\"f_ajax_font_family\":\"\",\"f_ajax_font_size\":\"\",\"f_ajax_font_line_height\":\"\",\"f_ajax_font_style\":\"\",\"f_ajax_font_weight\":\"\",\"f_ajax_font_transform\":\"\",\"f_ajax_font_spacing\":\"\",\"f_ajax_\":\"\",\"f_more_font_title\":\"Load more button\",\"f_more_font_settings\":\"\",\"f_more_font_family\":\"\",\"f_more_font_size\":\"\",\"f_more_font_line_height\":\"\",\"f_more_font_style\":\"\",\"f_more_font_weight\":\"\",\"f_more_font_transform\":\"\",\"f_more_font_spacing\":\"\",\"f_more_\":\"\",\"mx4f_title_font_header\":\"\",\"mx4f_title_font_title\":\"Article title\",\"mx4f_title_font_settings\":\"\",\"mx4f_title_font_family\":\"\",\"mx4f_title_font_size\":\"\",\"mx4f_title_font_line_height\":\"\",\"mx4f_title_font_style\":\"\",\"mx4f_title_font_weight\":\"\",\"mx4f_title_font_transform\":\"\",\"mx4f_title_font_spacing\":\"\",\"mx4f_title_\":\"\",\"mx4f_cat_font_title\":\"Article category tag\",\"mx4f_cat_font_settings\":\"\",\"mx4f_cat_font_family\":\"\",\"mx4f_cat_font_size\":\"\",\"mx4f_cat_font_line_height\":\"\",\"mx4f_cat_font_style\":\"\",\"mx4f_cat_font_weight\":\"\",\"mx4f_cat_font_transform\":\"\",\"mx4f_cat_font_spacing\":\"\",\"mx4f_cat_\":\"\",\"ajax_pagination\":\"\",\"ajax_pagination_infinite_stop\":\"\",\"css\":\"\",\"tdc_css\":\"\",\"td_column_number\":3,\"header_color\":\"\",\"color_preset\":\"\",\"border_top\":\"\",\"class\":\"tdi_37\",\"tdc_css_class\":\"tdi_37\",\"tdc_css_class_style\":\"tdi_37_rand_style\"}';\nblock_tdi_37.td_column_number = \"3\";\nblock_tdi_37.block_type = \"td_block_15\";\nblock_tdi_37.post_count = \"5\";\nblock_tdi_37.found_posts = \"18\";\nblock_tdi_37.header_color = \"\";\nblock_tdi_37.ajax_pagination_infinite_stop = \"\";\nblock_tdi_37.max_num_pages = \"4\";\ntdBlocksArray.push(block_tdi_37);\n<\/script><div class=\"td-block-title-wrap\"><\/div><div id=tdi_37 class=\"td_block_inner td-column-3\">\n\n\t<div class=\"td-block-row\">\n\n\t<div class=\"td-block-span4\">\n\r\n        <div class=\"td_module_mx4 td_module_wrap td-animation-stack td-meta-info-hide\">\r\n            <div class=\"td-module-image\">\r\n                                <div class=\"td-module-thumb\"><a href=\"https:\/\/www.onlineprinters.dk\/blog\/erstat-farve-photoshop\/\" rel=\"bookmark\" class=\"td-image-wrap\" title=\"Erstat farve i Photoshop \u2013 Basics-vejledning\"><img loading=\"lazy\" decoding=\"async\" width=\"218\" height=\"150\" class=\"entry-thumb\" src=\"https:\/\/www.onlineprinters.dk\/blog\/wp-content\/uploads\/2020\/02\/Pic_1-218x150.jpg\" srcset=\"https:\/\/www.onlineprinters.dk\/blog\/wp-content\/uploads\/2020\/02\/Pic_1-218x150.jpg 218w, https:\/\/www.onlineprinters.dk\/blog\/wp-content\/uploads\/2020\/02\/Pic_1-100x70.jpg 100w\" sizes=\"(max-width: 218px) 100vw, 218px\" alt=\"\" title=\"Erstat farve i Photoshop \u2013 Basics-vejledning\"\/><\/a><\/div>                                            <\/div>\r\n\r\n            <h3 class=\"entry-title td-module-title\"><a href=\"https:\/\/www.onlineprinters.dk\/blog\/erstat-farve-photoshop\/\" rel=\"bookmark\" title=\"Erstat farve i Photoshop \u2013 Basics-vejledning\">Erstat farve i Photoshop<\/a><\/h3>\r\n        <\/div>\r\n\r\n        \n\t<\/div> <!-- .\/td-block-span4 -->\n\n\t<div class=\"td-block-span4\">\n\r\n        <div class=\"td_module_mx4 td_module_wrap td-animation-stack td-meta-info-hide\">\r\n            <div class=\"td-module-image\">\r\n                                <div class=\"td-module-thumb\"><a href=\"https:\/\/www.onlineprinters.dk\/blog\/icc-profile\/\" rel=\"bookmark\" class=\"td-image-wrap\" title=\"Derfor b\u00f8r du bruge farveprofiler \u2013 og s\u00e5dan installerer du dem korrekt\"><img loading=\"lazy\" decoding=\"async\" width=\"218\" height=\"150\" class=\"entry-thumb\" src=\"https:\/\/www.onlineprinters.dk\/blog\/wp-content\/uploads\/2019\/12\/Template-Titelbild-Farbprofile-installieren-218x150.jpg\" srcset=\"https:\/\/www.onlineprinters.dk\/blog\/wp-content\/uploads\/2019\/12\/Template-Titelbild-Farbprofile-installieren-218x150.jpg 218w, https:\/\/www.onlineprinters.dk\/blog\/wp-content\/uploads\/2019\/12\/Template-Titelbild-Farbprofile-installieren-100x70.jpg 100w\" sizes=\"(max-width: 218px) 100vw, 218px\" alt=\"\" title=\"Derfor b\u00f8r du bruge farveprofiler \u2013 og s\u00e5dan installerer du dem korrekt\"\/><\/a><\/div>                                            <\/div>\r\n\r\n            <h3 class=\"entry-title td-module-title\"><a href=\"https:\/\/www.onlineprinters.dk\/blog\/icc-profile\/\" rel=\"bookmark\" title=\"Derfor b\u00f8r du bruge farveprofiler \u2013 og s\u00e5dan installerer du dem korrekt\">Derfor b\u00f8r du bruge icc profile, og s\u00e5dan fungerer det<\/a><\/h3>\r\n        <\/div>\r\n\r\n        \n\t<\/div> <!-- .\/td-block-span4 -->\n\n\t<div class=\"td-block-span4\">\n\r\n        <div class=\"td_module_mx4 td_module_wrap td-animation-stack td-meta-info-hide\">\r\n            <div class=\"td-module-image\">\r\n                                <div class=\"td-module-thumb\"><a href=\"https:\/\/www.onlineprinters.dk\/blog\/spejlvend-i-photoshop\/\" rel=\"bookmark\" class=\"td-image-wrap\" title=\"Spejlvend i Photoshop \u2013 Basics-vejledning\"><img loading=\"lazy\" decoding=\"async\" width=\"218\" height=\"150\" class=\"entry-thumb\" src=\"https:\/\/www.onlineprinters.dk\/blog\/wp-content\/uploads\/2019\/10\/flip-layers-218x150.jpg\" srcset=\"https:\/\/www.onlineprinters.dk\/blog\/wp-content\/uploads\/2019\/10\/flip-layers-218x150.jpg 218w, https:\/\/www.onlineprinters.dk\/blog\/wp-content\/uploads\/2019\/10\/flip-layers-100x70.jpg 100w\" sizes=\"(max-width: 218px) 100vw, 218px\" alt=\"\" title=\"Spejlvend i Photoshop \u2013 Basics-vejledning\"\/><\/a><\/div>                                            <\/div>\r\n\r\n            <h3 class=\"entry-title td-module-title\"><a href=\"https:\/\/www.onlineprinters.dk\/blog\/spejlvend-i-photoshop\/\" rel=\"bookmark\" title=\"Spejlvend i Photoshop \u2013 Basics-vejledning\">Spejlvend lag \u2013 Photoshop Basics-vejledning<\/a><\/h3>\r\n        <\/div>\r\n\r\n        \n\t<\/div> <!-- .\/td-block-span4 -->\n\n\t<div class=\"td-block-span4\">\n\r\n        <div class=\"td_module_mx4 td_module_wrap td-animation-stack td-meta-info-hide\">\r\n            <div class=\"td-module-image\">\r\n                                <div class=\"td-module-thumb\"><a href=\"https:\/\/www.onlineprinters.dk\/blog\/photoshop-content-aware-fill\/\" rel=\"bookmark\" class=\"td-image-wrap\" title=\"Photoshop \u201econtent aware fill\u201c: Det kan v\u00e6rkt\u00f8jet efter opdateringen\"><img loading=\"lazy\" decoding=\"async\" width=\"218\" height=\"150\" class=\"entry-thumb\" src=\"https:\/\/www.onlineprinters.dk\/blog\/wp-content\/uploads\/2019\/08\/content-aware-fill-218x150.jpg\" srcset=\"https:\/\/www.onlineprinters.dk\/blog\/wp-content\/uploads\/2019\/08\/content-aware-fill-218x150.jpg 218w, https:\/\/www.onlineprinters.dk\/blog\/wp-content\/uploads\/2019\/08\/content-aware-fill-100x70.jpg 100w\" sizes=\"(max-width: 218px) 100vw, 218px\" alt=\"\" title=\"Photoshop \u201econtent aware fill\u201c: Det kan v\u00e6rkt\u00f8jet efter opdateringen\"\/><\/a><\/div>                                            <\/div>\r\n\r\n            <h3 class=\"entry-title td-module-title\"><a href=\"https:\/\/www.onlineprinters.dk\/blog\/photoshop-content-aware-fill\/\" rel=\"bookmark\" title=\"Photoshop \u201econtent aware fill\u201c: Det kan v\u00e6rkt\u00f8jet efter opdateringen\">\u201eContent aware fill\u201c: S\u00e5dan klarer v\u00e6rkt\u00f8jet sig efter Photoshop-opdateringen<\/a><\/h3>\r\n        <\/div>\r\n\r\n        \n\t<\/div> <!-- .\/td-block-span4 -->\n\n\t<div class=\"td-block-span4\">\n\r\n        <div class=\"td_module_mx4 td_module_wrap td-animation-stack td-meta-info-hide\">\r\n            <div class=\"td-module-image\">\r\n                                <div class=\"td-module-thumb\"><a href=\"https:\/\/www.onlineprinters.dk\/blog\/skalering-billeder-photoshop\/\" rel=\"bookmark\" class=\"td-image-wrap\" title=\"Photoshop: Skalering af billeder i Photoshop med det praktiske v\u00e6rkt\u00f8j \u201eSkalering, der afh\u00e6nger af indholdet\u201c\"><img loading=\"lazy\" decoding=\"async\" width=\"218\" height=\"150\" class=\"entry-thumb\" src=\"https:\/\/www.onlineprinters.dk\/blog\/wp-content\/uploads\/2019\/07\/content-aware-scale-218x150.jpg\" srcset=\"https:\/\/www.onlineprinters.dk\/blog\/wp-content\/uploads\/2019\/07\/content-aware-scale-218x150.jpg 218w, https:\/\/www.onlineprinters.dk\/blog\/wp-content\/uploads\/2019\/07\/content-aware-scale-100x70.jpg 100w\" sizes=\"(max-width: 218px) 100vw, 218px\" alt=\"\" title=\"Photoshop: Skalering af billeder i Photoshop med det praktiske v\u00e6rkt\u00f8j \u201eSkalering, der afh\u00e6nger af indholdet\u201c\"\/><\/a><\/div>                                            <\/div>\r\n\r\n            <h3 class=\"entry-title td-module-title\"><a href=\"https:\/\/www.onlineprinters.dk\/blog\/skalering-billeder-photoshop\/\" rel=\"bookmark\" title=\"Photoshop: Skalering af billeder i Photoshop med det praktiske v\u00e6rkt\u00f8j \u201eSkalering, der afh\u00e6nger af indholdet\u201c\">Sej Photoshop-funktion: Skalering af billeder i Photoshop afh\u00e6ngigt af indholdet<\/a><\/h3>\r\n        <\/div>\r\n\r\n        \n\t<\/div> <!-- .\/td-block-span4 --><\/div><!--.\/row-fluid--><\/div><\/div> <!-- .\/block --><div class=\"clearfix\"><\/div><\/div><\/div><\/div><\/div>","protected":false},"excerpt":{"rendered":"At sende en julehilsen er en \u00e6ressag b\u00e5de i forretnings- og privatlivet. Men hvad skal du skrive p\u00e5 kortet, hvis du \u00f8nsker, at dine gode \u00f8nsker skal v\u00e6re mere end \"gl\u00e6delig jul\"? Vi har samlet et par gamle klassikere og forslag til dig i denne artikel. Hvert \u00e5r kommer jule\u00f8nskerne til kunder, forretningspartnere, venner og [...]","protected":false},"author":27,"featured_media":12300,"parent":0,"menu_order":0,"comment_status":"closed","ping_status":"closed","template":"","meta":{"footnotes":""},"yoast_head":"<!-- This site is optimized with the Yoast SEO plugin v24.5 - https:\/\/yoast.com\/wordpress\/plugins\/seo\/ -->\n<title>Ordsprog til julekort: Ideer og gratis tekstskabeloner<\/title>\n<meta name=\"description\" content=\"Leder du efter en Photoshop-vejledning? I vores gratis Photoshop-vejledningsserie finder du b\u00e5de grundlag og praktiske tips &amp; tricks til viderekomne og professionelle.\" \/>\n<meta name=\"robots\" content=\"index, follow, max-snippet:-1, max-image-preview:large, max-video-preview:-1\" \/>\n<link rel=\"canonical\" href=\"https:\/\/www.onlineprinters.dk\/blog\/indesign-vejledninger\/\" \/>\n<meta property=\"og:locale\" content=\"da_DK\" \/>\n<meta property=\"og:type\" content=\"article\" \/>\n<meta property=\"og:title\" content=\"Ordsprog til julekort: forslag og gratis tekstskabeloner\" \/>\n<meta property=\"og:description\" content=\"Leder du efter en Photoshop-vejledning? I vores gratis Photoshop-vejledningsserie finder du b\u00e5de grundlag og praktiske tips &amp; tricks til viderekomne og professionelle.\" \/>\n<meta property=\"og:url\" content=\"https:\/\/www.onlineprinters.dk\/blog\/indesign-vejledninger\/\" \/>\n<meta property=\"og:site_name\" content=\"onlineprinters.dk Blog\" \/>\n<meta property=\"article:modified_time\" content=\"2025-03-05T08:24:59+00:00\" \/>\n<meta name=\"twitter:card\" content=\"summary_large_image\" \/>\n<meta name=\"twitter:title\" content=\"Ordsprog til julekort: forslag og gratis tekstskabeloner\" \/>\n<meta name=\"twitter:label1\" content=\"Estimeret l\u00e6setid\" \/>\n\t<meta name=\"twitter:data1\" content=\"2 minutter\" \/>\n<script type=\"application\/ld+json\" class=\"yoast-schema-graph\">{\"@context\":\"https:\/\/schema.org\",\"@graph\":[{\"@type\":\"WebPage\",\"@id\":\"https:\/\/www.onlineprinters.dk\/blog\/indesign-vejledninger\/\",\"url\":\"https:\/\/www.onlineprinters.dk\/blog\/indesign-vejledninger\/\",\"name\":\"InDesign-vejledninger | onlineprinters.dk Blog\",\"isPartOf\":{\"@id\":\"https:\/\/www.onlineprinters.dk\/blog\/#website\"},\"primaryImageOfPage\":{\"@id\":\"https:\/\/www.onlineprinters.dk\/blog\/indesign-vejledninger\/#primaryimage\"},\"image\":{\"@id\":\"https:\/\/www.onlineprinters.dk\/blog\/indesign-vejledninger\/#primaryimage\"},\"thumbnailUrl\":\"\",\"datePublished\":\"2018-03-21T10:39:26+00:00\",\"dateModified\":\"2025-03-05T08:24:59+00:00\",\"description\":\"Leder du efter en Photoshop-vejledning? I vores gratis Photoshop-vejledningsserie finder du b\u00e5de grundlag og praktiske tips & tricks til viderekomne og professionelle.\",\"inLanguage\":\"da-DK\",\"potentialAction\":[{\"@type\":\"ReadAction\",\"target\":[\"https:\/\/www.onlineprinters.dk\/blog\/indesign-vejledninger\/\"]}]},{\"@type\":\"ImageObject\",\"inLanguage\":\"da-DK\",\"@id\":\"https:\/\/www.onlineprinters.dk\/blog\/indesign-vejledninger\/#primaryimage\",\"url\":\"\",\"contentUrl\":\"\"},{\"@type\":\"WebSite\",\"@id\":\"https:\/\/www.onlineprinters.dk\/blog\/#website\",\"url\":\"https:\/\/www.onlineprinters.dk\/blog\/\",\"name\":\"onlineprinters.dk Blog\",\"description\":\"\",\"potentialAction\":[{\"@type\":\"SearchAction\",\"target\":{\"@type\":\"EntryPoint\",\"urlTemplate\":\"https:\/\/www.onlineprinters.dk\/blog\/?s={search_term_string}\"},\"query-input\":{\"@type\":\"PropertyValueSpecification\",\"valueRequired\":true,\"valueName\":\"search_term_string\"}}],\"inLanguage\":\"da-DK\"}]}<\/script>\n<!-- \/ Yoast SEO plugin. -->","yoast_head_json":{"title":"Ordsprog til julekort: Ideer og gratis tekstskabeloner","description":"Leder du efter en Photoshop-vejledning? I vores gratis Photoshop-vejledningsserie finder du b\u00e5de grundlag og praktiske tips & tricks til viderekomne og professionelle.","robots":{"index":"index","follow":"follow","max-snippet":"max-snippet:-1","max-image-preview":"max-image-preview:large","max-video-preview":"max-video-preview:-1"},"canonical":"https:\/\/www.onlineprinters.dk\/blog\/indesign-vejledninger\/","og_locale":"da_DK","og_type":"article","og_title":"Ordsprog til julekort: forslag og gratis tekstskabeloner","og_description":"Leder du efter en Photoshop-vejledning? I vores gratis Photoshop-vejledningsserie finder du b\u00e5de grundlag og praktiske tips & tricks til viderekomne og professionelle.","og_url":"https:\/\/www.onlineprinters.dk\/blog\/indesign-vejledninger\/","og_site_name":"onlineprinters.dk Blog","article_modified_time":"2025-03-05T08:24:59+00:00","twitter_card":"summary_large_image","twitter_title":"Ordsprog til julekort: forslag og gratis tekstskabeloner","twitter_misc":{"Estimeret l\u00e6setid":"2 minutter"},"schema":{"@context":"https:\/\/schema.org","@graph":[{"@type":"WebPage","@id":"https:\/\/www.onlineprinters.dk\/blog\/indesign-vejledninger\/","url":"https:\/\/www.onlineprinters.dk\/blog\/indesign-vejledninger\/","name":"InDesign-vejledninger | onlineprinters.dk Blog","isPartOf":{"@id":"https:\/\/www.onlineprinters.dk\/blog\/#website"},"primaryImageOfPage":{"@id":"https:\/\/www.onlineprinters.dk\/blog\/indesign-vejledninger\/#primaryimage"},"image":{"@id":"https:\/\/www.onlineprinters.dk\/blog\/indesign-vejledninger\/#primaryimage"},"thumbnailUrl":"","datePublished":"2018-03-21T10:39:26+00:00","dateModified":"2025-03-05T08:24:59+00:00","description":"Leder du efter en Photoshop-vejledning? I vores gratis Photoshop-vejledningsserie finder du b\u00e5de grundlag og praktiske tips & tricks til viderekomne og professionelle.","inLanguage":"da-DK","potentialAction":[{"@type":"ReadAction","target":["https:\/\/www.onlineprinters.dk\/blog\/indesign-vejledninger\/"]}]},{"@type":"ImageObject","inLanguage":"da-DK","@id":"https:\/\/www.onlineprinters.dk\/blog\/indesign-vejledninger\/#primaryimage","url":"","contentUrl":""},{"@type":"WebSite","@id":"https:\/\/www.onlineprinters.dk\/blog\/#website","url":"https:\/\/www.onlineprinters.dk\/blog\/","name":"onlineprinters.dk Blog","description":"","potentialAction":[{"@type":"SearchAction","target":{"@type":"EntryPoint","urlTemplate":"https:\/\/www.onlineprinters.dk\/blog\/?s={search_term_string}"},"query-input":{"@type":"PropertyValueSpecification","valueRequired":true,"valueName":"search_term_string"}}],"inLanguage":"da-DK"}]}},"_links":{"self":[{"href":"https:\/\/www.onlineprinters.dk\/blog\/wp-json\/wp\/v2\/pages\/11109"}],"collection":[{"href":"https:\/\/www.onlineprinters.dk\/blog\/wp-json\/wp\/v2\/pages"}],"about":[{"href":"https:\/\/www.onlineprinters.dk\/blog\/wp-json\/wp\/v2\/types\/page"}],"author":[{"embeddable":true,"href":"https:\/\/www.onlineprinters.dk\/blog\/wp-json\/wp\/v2\/users\/27"}],"replies":[{"embeddable":true,"href":"https:\/\/www.onlineprinters.dk\/blog\/wp-json\/wp\/v2\/comments?post=11109"}],"version-history":[{"count":4,"href":"https:\/\/www.onlineprinters.dk\/blog\/wp-json\/wp\/v2\/pages\/11109\/revisions"}],"predecessor-version":[{"id":13907,"href":"https:\/\/www.onlineprinters.dk\/blog\/wp-json\/wp\/v2\/pages\/11109\/revisions\/13907"}],"wp:featuredmedia":[{"embeddable":true,"href":"https:\/\/www.onlineprinters.dk\/blog\/wp-json\/"}],"wp:attachment":[{"href":"https:\/\/www.onlineprinters.dk\/blog\/wp-json\/wp\/v2\/media?parent=11109"}],"curies":[{"name":"wp","href":"https:\/\/api.w.org\/{rel}","templated":true}]}}